{"id":3,"date":"2017-02-14T08:15:28","date_gmt":"2017-02-14T08:15:28","guid":{"rendered":"https:\/\/zytroeseli-seftigen.ch\/wordpress\/?page_id=3"},"modified":"2026-02-22T15:31:19","modified_gmt":"2026-02-22T14:31:19","slug":"home","status":"publish","type":"page","link":"https:\/\/www.zytroeseli-seftigen.ch\/","title":{"rendered":"Willkommen"},"content":{"rendered":"<p><\/p>\n\n<div class=\"wp-block-image is-style-rounded\">\n<figure class=\"aligncenter size-large\"><a href=\"https:\/\/www.zytroeseli-seftigen.ch\/wp-content\/uploads\/2025\/09\/PXL_20250907_094716874_cutted.jpg\" data-mediabox=\"1\"><img loading=\"lazy\" decoding=\"async\" width=\"1024\" height=\"583\" src=\"https:\/\/www.zytroeseli-seftigen.ch\/wp-content\/uploads\/2025\/09\/PXL_20250907_094716874_cutted-1024x583.jpg\" alt=\"\" class=\"wp-image-484\" srcset=\"https:\/\/www.zytroeseli-seftigen.ch\/wp-content\/uploads\/2025\/09\/PXL_20250907_094716874_cutted-1024x583.jpg 1024w, https:\/\/www.zytroeseli-seftigen.ch\/wp-content\/uploads\/2025\/09\/PXL_20250907_094716874_cutted-300x171.jpg 300w, https:\/\/www.zytroeseli-seftigen.ch\/wp-content\/uploads\/2025\/09\/PXL_20250907_094716874_cutted-768x437.jpg 768w, https:\/\/www.zytroeseli-seftigen.ch\/wp-content\/uploads\/2025\/09\/PXL_20250907_094716874_cutted-1536x875.jpg 1536w, https:\/\/www.zytroeseli-seftigen.ch\/wp-content\/uploads\/2025\/09\/PXL_20250907_094716874_cutted-2048x1166.jpg 2048w\" sizes=\"auto, (max-width: 1024px) 100vw, 1024px\" \/><\/a><\/figure>\n<\/div>\n\n<p><\/p>\n\n\n<p class=\"has-text-align-center\"><em>&#8222;Kamerade weimer si, immer z\u00e4me h\u00e4be.<\/em><\/p>\n\n\n\n<p class=\"has-text-align-center\"><em>Nid nur bim ne Gl\u00e4sli Wii,&nbsp;nei ou s\u00fcsch im L\u00e4be.<br><\/em><em>Wenns dir einisch nid r\u00e4cht geit,&nbsp;bruchsch \u00e4 Fr\u00fcnd wo zu dir steit.<br><\/em><em>Wenns dir einisch nid r\u00e4cht geit,&nbsp;bruchsch \u00e4 Fr\u00fcnd wo w\u00fcrkli zue dir steit.&#8220;<\/em><\/p>\n\n\n\n<p class=\"has-text-align-center\">Mit dene Wort vom Matthias Zogg m\u00f6chte mir \u00f6ich uf \u00fcsere Website h\u00e4rzlech begr\u00fcesse.<\/p>\n\n\n\n<p class=\"has-text-align-center\">Gleitet w\u00e4rde mir vom Albert Liebi u probe t\u00fce mir am M\u00e4ntigabe im Schulhuus ds Seftige.<\/p>\n\n\n\n<p class=\"has-text-align-center\">Wes \u00f6pper w\u00fcrdi gluschtig mache de ch\u00f6met doch einisch unverbindlech cho icheluege, mir ch\u00f6i immer n\u00f6ii, motivierti L\u00fct i aune Stimmlage bruche. Mir fr\u00f6ie \u00fcs uf \u00f6ich.<\/p>\n\n\n\n<p class=\"has-text-align-center\"><\/p>\n\n\n\n<p><\/p>\n","protected":false},"excerpt":{"rendered":"<p>&#8222;Kamerade weimer si, immer z\u00e4me h\u00e4be. Nid nur bim ne Gl\u00e4sli Wii,&nbsp;nei ou s\u00fcsch im L\u00e4be.Wenns dir einisch nid r\u00e4cht geit,&nbsp;bruchsch \u00e4 Fr\u00fcnd wo zu dir steit.Wenns dir einisch nid r\u00e4cht geit,&nbsp;bruchsch \u00e4 Fr\u00fcnd wo w\u00fcrkli zue dir steit.&#8220; Mit dene Wort vom Matthias Zogg m\u00f6chte mir \u00f6ich uf \u00fcsere Website h\u00e4rzlech begr\u00fcesse. Gleitet w\u00e4rde &hellip; <a href=\"https:\/\/www.zytroeseli-seftigen.ch\/\" class=\"more-link\"><span class=\"screen-reader-text\">Willkommen<\/span> weiterlesen <span class=\"meta-nav\">&rarr;<\/span><\/a><\/p>\n","protected":false},"author":1,"featured_media":0,"parent":0,"menu_order":0,"comment_status":"closed","ping_status":"closed","template":"","meta":{"footnotes":""},"class_list":["post-3","page","type-page","status-publish","hentry"],"_links":{"self":[{"href":"https:\/\/www.zytroeseli-seftigen.ch\/index.php?rest_route=\/wp\/v2\/pages\/3","targetHints":{"allow":["GET"]}}],"collection":[{"href":"https:\/\/www.zytroeseli-seftigen.ch\/index.php?rest_route=\/wp\/v2\/pages"}],"about":[{"href":"https:\/\/www.zytroeseli-seftigen.ch\/index.php?rest_route=\/wp\/v2\/types\/page"}],"author":[{"embeddable":true,"href":"https:\/\/www.zytroeseli-seftigen.ch\/index.php?rest_route=\/wp\/v2\/users\/1"}],"replies":[{"embeddable":true,"href":"https:\/\/www.zytroeseli-seftigen.ch\/index.php?rest_route=%2Fwp%2Fv2%2Fcomments&post=3"}],"version-history":[{"count":31,"href":"https:\/\/www.zytroeseli-seftigen.ch\/index.php?rest_route=\/wp\/v2\/pages\/3\/revisions"}],"predecessor-version":[{"id":530,"href":"https:\/\/www.zytroeseli-seftigen.ch\/index.php?rest_route=\/wp\/v2\/pages\/3\/revisions\/530"}],"wp:attachment":[{"href":"https:\/\/www.zytroeseli-seftigen.ch\/index.php?rest_route=%2Fwp%2Fv2%2Fmedia&parent=3"}],"curies":[{"name":"wp","href":"https:\/\/api.w.org\/{rel}","templated":true}]}}